{"id":160,"date":"2016-08-23T15:30:33","date_gmt":"2016-08-23T13:30:33","guid":{"rendered":"http:\/\/daraspe.com\/?page_id=160"},"modified":"2026-03-25T17:58:40","modified_gmt":"2026-03-25T16:58:40","slug":"actualites","status":"publish","type":"page","link":"https:\/\/www.daraspe.com\/neo\/actualites\/","title":{"rendered":"Les actualit\u00e9s"},"content":{"rendered":"<div class=\" is-style-boxed wp-block-themeisle-blocks-posts-grid\" id=\"wp-block-themeisle-blocks-posts-grid-b3cb99d1\"><div class=\"is-grid o-posts-grid-columns-4\"><div class=\"o-posts-grid-post-blog o-posts-grid-post-plain\"><div class=\"o-posts-grid-post\"><div class=\"o-posts-grid-post-image\"><a href=\"https:\/\/www.daraspe.com\/neo\/orfevre\/ouvrages-et-catalogues\/roland-daraspe-un-orfevre-bordelais-contemporain\/\"><img loading=\"lazy\" decoding=\"async\" width=\"150\" height=\"150\" src=\"https:\/\/www.daraspe.com\/neo\/wp-content\/uploads\/2026\/04\/daraspe_orfevre_contemporain_madd_bordeaux-150x150.jpg\" class=\"attachment-thumbnail size-thumbnail\" alt=\"Roland Daraspe, Un orf\u00e8vre bordelais contemporain\" srcset=\"https:\/\/www.daraspe.com\/neo\/wp-content\/uploads\/2026\/04\/daraspe_orfevre_contemporain_madd_bordeaux-150x150.jpg 150w, https:\/\/www.daraspe.com\/neo\/wp-content\/uploads\/2026\/04\/daraspe_orfevre_contemporain_madd_bordeaux.jpg 415w\" sizes=\"(max-width: 150px) 100vw, 150px\" \/><\/a><\/div><div class=\"o-posts-grid-post-body\"><span class=\"o-posts-grid-post-category\"><a href=\"https:\/\/www.daraspe.com\/neo\/category\/orfevre\/ouvrages-et-catalogues\/\">Ouvrages et catalogues<\/a><\/span><h4 class=\"o-posts-grid-post-title\"><a href=\"https:\/\/www.daraspe.com\/neo\/orfevre\/ouvrages-et-catalogues\/roland-daraspe-un-orfevre-bordelais-contemporain\/\">Roland Daraspe, Un orf\u00e8vre bordelais contemporain<\/a><\/h4><div class=\"o-posts-grid-post-description\"><p>Catalogue de l&rsquo;exposition r\u00e9trospective en 1992 au Mus\u00e9e des Arts D\u00e9coratifs et du Design de B\u2026<\/p><\/div><\/div><\/div><\/div><div class=\"o-posts-grid-post-blog o-posts-grid-post-plain\"><div class=\"o-posts-grid-post\"><div class=\"o-posts-grid-post-image\"><a href=\"https:\/\/www.daraspe.com\/neo\/orfevre\/ouvrages-et-catalogues\/ouvrages-et-catalogues\/\"><img loading=\"lazy\" decoding=\"async\" width=\"150\" height=\"150\" src=\"https:\/\/www.daraspe.com\/neo\/wp-content\/uploads\/2026\/03\/Logo_RD_blanc-150x150.jpg\" class=\"attachment-thumbnail size-thumbnail\" alt=\"Ouvrages et catalogues\" \/><\/a><\/div><div class=\"o-posts-grid-post-body\"><span class=\"o-posts-grid-post-category\"><a href=\"https:\/\/www.daraspe.com\/neo\/category\/orfevre\/ouvrages-et-catalogues\/\">Ouvrages et catalogues<\/a><\/span><h4 class=\"o-posts-grid-post-title\"><a href=\"https:\/\/www.daraspe.com\/neo\/orfevre\/ouvrages-et-catalogues\/ouvrages-et-catalogues\/\">Ouvrages et catalogues<\/a><\/h4><div class=\"o-posts-grid-post-description\"><p>&#8211; Tables d\u2019argent \u2013 Du grand art de recevoir \u00e0 la fran\u00e7aise\u00a0 a re\u00e7u en 2024 le prix \u00ab\u00a0Livres e\u2026<\/p><\/div><\/div><\/div><\/div><div class=\"o-posts-grid-post-blog o-posts-grid-post-plain\"><div class=\"o-posts-grid-post\"><div class=\"o-posts-grid-post-image\"><a href=\"https:\/\/www.daraspe.com\/neo\/orfevre\/ouvrages-et-catalogues\/tables-dargent-du-grand-art-de-recevoir-a-la-francaise\/\"><img loading=\"lazy\" decoding=\"async\" width=\"150\" height=\"150\" src=\"https:\/\/www.daraspe.com\/neo\/wp-content\/uploads\/2025\/03\/Tables-d-argent-150x150.jpg\" class=\"attachment-thumbnail size-thumbnail\" alt=\"Tables d&rsquo;argent &#8211; Du grand art de recevoir \u00e0 la fran\u00e7aise\" \/><\/a><\/div><div class=\"o-posts-grid-post-body\"><span class=\"o-posts-grid-post-category\"><a href=\"https:\/\/www.daraspe.com\/neo\/category\/orfevre\/ouvrages-et-catalogues\/\">Ouvrages et catalogues<\/a><\/span><h4 class=\"o-posts-grid-post-title\"><a href=\"https:\/\/www.daraspe.com\/neo\/orfevre\/ouvrages-et-catalogues\/tables-dargent-du-grand-art-de-recevoir-a-la-francaise\/\">Tables d&rsquo;argent &#8211; Du grand art de recevoir \u00e0 la fran\u00e7aise<\/a><\/h4><div class=\"o-posts-grid-post-description\"><p>Tables d&rsquo;argent &#8211; Du grand art de recevoir \u00e0 la fran\u00e7aise&nbsp; a re\u00e7u en 2024 le prix \u00ab\u2026<\/p><\/div><\/div><\/div><\/div><div class=\"o-posts-grid-post-blog o-posts-grid-post-plain\"><div class=\"o-posts-grid-post\"><div class=\"o-posts-grid-post-image\"><a href=\"https:\/\/www.daraspe.com\/neo\/atelier\/transmission\/lart-de-la-forge-et-de-la-frappe-rencontres-des-gobelins-26-nov-2019\/\"><img loading=\"lazy\" decoding=\"async\" width=\"150\" height=\"150\" src=\"https:\/\/www.daraspe.com\/neo\/wp-content\/uploads\/2019\/10\/Rencontres-Gobelins-150x150.jpg\" class=\"attachment-thumbnail size-thumbnail\" alt=\"L&rsquo;art de la forge et de la frappe &#8211; Rencontres des Gobelins &#8211; 26 nov. 2019\" \/><\/a><\/div><div class=\"o-posts-grid-post-body\"><span class=\"o-posts-grid-post-category\"><a href=\"https:\/\/www.daraspe.com\/neo\/category\/musees\/\">Mus\u00e9es<\/a><\/span><h4 class=\"o-posts-grid-post-title\"><a href=\"https:\/\/www.daraspe.com\/neo\/atelier\/transmission\/lart-de-la-forge-et-de-la-frappe-rencontres-des-gobelins-26-nov-2019\/\">L&rsquo;art de la forge et de la frappe &#8211; Rencontres des Gobelins &#8211; 26 nov. 2019<\/a><\/h4><div class=\"o-posts-grid-post-description\"><p>Roland Daraspe et Pierre Gaucher (Sculpteur et ferronnier d&rsquo;art) , tous deux Artisans d&rsquo;\u2026<\/p><\/div><\/div><\/div><\/div><div class=\"o-posts-grid-post-blog o-posts-grid-post-plain\"><div class=\"o-posts-grid-post\"><div class=\"o-posts-grid-post-image\"><a href=\"https:\/\/www.daraspe.com\/neo\/presse\/visite-de-latelier-avec-la-maison-france-5\/\"><img loading=\"lazy\" decoding=\"async\" width=\"150\" height=\"150\" src=\"https:\/\/www.daraspe.com\/neo\/wp-content\/uploads\/2019\/09\/daraspe_roland_maison_france5_20190913-150x150.jpg\" class=\"attachment-thumbnail size-thumbnail\" alt=\"Visite de l&rsquo;atelier avec La Maison France 5, 13 sept. 2019\" \/><\/a><\/div><div class=\"o-posts-grid-post-body\"><span class=\"o-posts-grid-post-category\"><a href=\"https:\/\/www.daraspe.com\/neo\/category\/presse\/\">Presse<\/a><\/span><h4 class=\"o-posts-grid-post-title\"><a href=\"https:\/\/www.daraspe.com\/neo\/presse\/visite-de-latelier-avec-la-maison-france-5\/\">Visite de l&rsquo;atelier avec La Maison France 5, 13 sept. 2019<\/a><\/h4><div class=\"o-posts-grid-post-description\"><p>Ce vendredi 13 septembre, St\u00e9phane Thebaut et toute l&rsquo;\u00e9quipe de La Maison France 5 ont fait un\u2026<\/p><\/div><\/div><\/div><\/div><div class=\"o-posts-grid-post-blog o-posts-grid-post-plain\"><div class=\"o-posts-grid-post\"><div class=\"o-posts-grid-post-image\"><a href=\"https:\/\/www.daraspe.com\/neo\/exposition\/revelations-2019-cest-parti\/\"><img loading=\"lazy\" decoding=\"async\" width=\"150\" height=\"150\" src=\"https:\/\/www.daraspe.com\/neo\/wp-content\/uploads\/2019\/05\/revelations_R4_grand_Palais_Paris_mai_2019-150x150.jpg\" class=\"attachment-thumbnail size-thumbnail\" alt=\"R\u00e9v\u00e9lations 2019, c&rsquo;est parti !\" srcset=\"https:\/\/www.daraspe.com\/neo\/wp-content\/uploads\/2019\/05\/revelations_R4_grand_Palais_Paris_mai_2019-150x150.jpg 150w, https:\/\/www.daraspe.com\/neo\/wp-content\/uploads\/2019\/05\/revelations_R4_grand_Palais_Paris_mai_2019-300x300.jpg 300w, https:\/\/www.daraspe.com\/neo\/wp-content\/uploads\/2019\/05\/revelations_R4_grand_Palais_Paris_mai_2019.jpg 598w\" sizes=\"(max-width: 150px) 100vw, 150px\" \/><\/a><\/div><div class=\"o-posts-grid-post-body\"><span class=\"o-posts-grid-post-category\"><a href=\"https:\/\/www.daraspe.com\/neo\/category\/exposition\/\">Exposition<\/a><\/span><h4 class=\"o-posts-grid-post-title\"><a href=\"https:\/\/www.daraspe.com\/neo\/exposition\/revelations-2019-cest-parti\/\">R\u00e9v\u00e9lations 2019, c&rsquo;est parti !<\/a><\/h4><div class=\"o-posts-grid-post-description\"><p>Jusqu&rsquo;au 26 mai, le Grand Palais accueille les M\u00e9tiers d&rsquo;Art. Venez nous rejoindre ! M\u00e9t\u2026<\/p><\/div><\/div><\/div><\/div><div class=\"o-posts-grid-post-blog o-posts-grid-post-plain\"><div class=\"o-posts-grid-post\"><div class=\"o-posts-grid-post-image\"><a href=\"https:\/\/www.daraspe.com\/neo\/exposition\/revelations-2019-au-grand-palais-paris-23-26-mai-2019\/\"><img loading=\"lazy\" decoding=\"async\" width=\"150\" height=\"150\" src=\"https:\/\/www.daraspe.com\/neo\/wp-content\/uploads\/2019\/02\/revelations_R4_daraspe-150x150.jpg\" class=\"attachment-thumbnail size-thumbnail\" alt=\"R\u00e9v\u00e9lations 2019 au Grand Palais, Paris, 23-26 mai 2019\" \/><\/a><\/div><div class=\"o-posts-grid-post-body\"><span class=\"o-posts-grid-post-category\"><a href=\"https:\/\/www.daraspe.com\/neo\/category\/exposition\/\">Exposition<\/a><\/span><h4 class=\"o-posts-grid-post-title\"><a href=\"https:\/\/www.daraspe.com\/neo\/exposition\/revelations-2019-au-grand-palais-paris-23-26-mai-2019\/\">R\u00e9v\u00e9lations 2019 au Grand Palais, Paris, 23-26 mai 2019<\/a><\/h4><div class=\"o-posts-grid-post-description\"><p>R\u00e9v\u00e9lations, c&rsquo;est bient\u00f4t ! Retrouvons nous sur le stand H5 ! Ateliers d&rsquo;Art de France \u2026<\/p><\/div><\/div><\/div><\/div><div class=\"o-posts-grid-post-blog o-posts-grid-post-plain\"><div class=\"o-posts-grid-post\"><div class=\"o-posts-grid-post-image\"><a href=\"https:\/\/www.daraspe.com\/neo\/presse\/dun-porte-avions-au-navire-a-caviar-limprobable-odyssee-dun-maitre-dart-in-le-magazine-du-club-n1-mars-2019\/\"><img loading=\"lazy\" decoding=\"async\" width=\"150\" height=\"150\" src=\"https:\/\/www.daraspe.com\/neo\/wp-content\/uploads\/2019\/03\/le_magazine_du_club_n01_mars_2019_couv_une-150x150.jpg\" class=\"attachment-thumbnail size-thumbnail\" alt=\"D&rsquo;un porte-avions au navire \u00e0 caviar, l&rsquo;improbable odyss\u00e9e d&rsquo;un Ma\u00eetre d&rsquo;Art, in Le Magazine du Club n\u00b01 &#8211; mars 2019\" \/><\/a><\/div><div class=\"o-posts-grid-post-body\"><span class=\"o-posts-grid-post-category\"><a href=\"https:\/\/www.daraspe.com\/neo\/category\/presse\/\">Presse<\/a><\/span><h4 class=\"o-posts-grid-post-title\"><a href=\"https:\/\/www.daraspe.com\/neo\/presse\/dun-porte-avions-au-navire-a-caviar-limprobable-odyssee-dun-maitre-dart-in-le-magazine-du-club-n1-mars-2019\/\">D&rsquo;un porte-avions au navire \u00e0 caviar, l&rsquo;improbable odyss\u00e9e d&rsquo;un Ma\u00eetre d&rsquo;Art, in Le Magazine du Club n\u00b01 &#8211; mars 2019<\/a><\/h4><div class=\"o-posts-grid-post-description\"><p>Le 1er num\u00e9ro du magazine du Club de la Chasse et de la Nature consacre un article \u00e0 Roland Daraspe.\u2026<\/p><\/div><\/div><\/div><\/div><div class=\"o-posts-grid-post-blog o-posts-grid-post-plain\"><div class=\"o-posts-grid-post\"><div class=\"o-posts-grid-post-image\"><a href=\"https:\/\/www.daraspe.com\/neo\/musees\/musee-national-de-chine-pekin\/\"><img loading=\"lazy\" decoding=\"async\" width=\"150\" height=\"150\" src=\"https:\/\/www.daraspe.com\/neo\/wp-content\/uploads\/2019\/01\/National-Musuem-of-China-150x150.jpg\" class=\"attachment-thumbnail size-thumbnail\" alt=\"Mus\u00e9e National de Chine, P\u00e9kin\" \/><\/a><\/div><div class=\"o-posts-grid-post-body\"><span class=\"o-posts-grid-post-category\"><a href=\"https:\/\/www.daraspe.com\/neo\/category\/musees\/\">Mus\u00e9es<\/a><\/span><h4 class=\"o-posts-grid-post-title\"><a href=\"https:\/\/www.daraspe.com\/neo\/musees\/musee-national-de-chine-pekin\/\">Mus\u00e9e National de Chine, P\u00e9kin<\/a><\/h4><div class=\"o-posts-grid-post-description\"><p>&nbsp; Exposition WonderLab, du 12 janvier au 17 mars 2019 au Mus\u00e9e national de Chine de P\u00e9kin. Voir\u2026<\/p><\/div><\/div><\/div><\/div><div class=\"o-posts-grid-post-blog o-posts-grid-post-plain\"><div class=\"o-posts-grid-post\"><div class=\"o-posts-grid-post-image\"><a href=\"https:\/\/www.daraspe.com\/neo\/presse\/wonderlab-dans-the-paper\/\"><img loading=\"lazy\" decoding=\"async\" width=\"150\" height=\"150\" src=\"https:\/\/www.daraspe.com\/neo\/wp-content\/uploads\/2019\/01\/the_paper_wonderlab_201901-150x150.jpg\" class=\"attachment-thumbnail size-thumbnail\" alt=\"WonderLab dans The Paper\" \/><\/a><\/div><div class=\"o-posts-grid-post-body\"><span class=\"o-posts-grid-post-category\"><a href=\"https:\/\/www.daraspe.com\/neo\/category\/presse\/\">Presse<\/a><\/span><h4 class=\"o-posts-grid-post-title\"><a href=\"https:\/\/www.daraspe.com\/neo\/presse\/wonderlab-dans-the-paper\/\">WonderLab dans The Paper<\/a><\/h4><div class=\"o-posts-grid-post-description\"><p>Quand The Paper, titre phare de la presse chinoise, couvre l&rsquo;inauguration de WonderLab, exposi\u2026<\/p><\/div><\/div><\/div><\/div><div class=\"o-posts-grid-post-blog o-posts-grid-post-plain\"><div class=\"o-posts-grid-post\"><div class=\"o-posts-grid-post-image\"><a href=\"https:\/\/www.daraspe.com\/neo\/presse\/wonderlab-et-les-pieces-de-roland-daraspe-sur-cctv\/\"><img loading=\"lazy\" decoding=\"async\" width=\"150\" height=\"150\" src=\"https:\/\/www.daraspe.com\/neo\/wp-content\/uploads\/2019\/01\/Wonderlab_pekin_CCTV_01-150x150.jpg\" class=\"attachment-thumbnail size-thumbnail\" alt=\"WonderLab et les pi\u00e8ces de Roland Daraspe sur CCTV\" \/><\/a><\/div><div class=\"o-posts-grid-post-body\"><span class=\"o-posts-grid-post-category\"><a href=\"https:\/\/www.daraspe.com\/neo\/category\/exposition\/a-letranger\/\">International<\/a><\/span><h4 class=\"o-posts-grid-post-title\"><a href=\"https:\/\/www.daraspe.com\/neo\/presse\/wonderlab-et-les-pieces-de-roland-daraspe-sur-cctv\/\">WonderLab et les pi\u00e8ces de Roland Daraspe sur CCTV<\/a><\/h4><div class=\"o-posts-grid-post-description\"><p>A l&rsquo;occasion de l&rsquo;exposition WonderLab, inaugur\u00e9e au Mus\u00e9e National de Chine de P\u00e9kin, c\u2026<\/p><\/div><\/div><\/div><\/div><div class=\"o-posts-grid-post-blog o-posts-grid-post-plain\"><div class=\"o-posts-grid-post\"><div class=\"o-posts-grid-post-image\"><a href=\"https:\/\/www.daraspe.com\/neo\/exposition\/a-letranger\/inauguration-de-wonderlab-a-pekin-musee-national-de-chine\/\"><img loading=\"lazy\" decoding=\"async\" width=\"150\" height=\"150\" src=\"https:\/\/www.daraspe.com\/neo\/wp-content\/uploads\/2019\/01\/wonderlab_pekin_inauguration_daraspe_-150x150.jpg\" class=\"attachment-thumbnail size-thumbnail\" alt=\"Inauguration de WonderLab \u00e0 P\u00e9kin, Mus\u00e9e National de Chine\" \/><\/a><\/div><div class=\"o-posts-grid-post-body\"><span class=\"o-posts-grid-post-category\"><a href=\"https:\/\/www.daraspe.com\/neo\/category\/exposition\/a-letranger\/\">International<\/a><\/span><h4 class=\"o-posts-grid-post-title\"><a href=\"https:\/\/www.daraspe.com\/neo\/exposition\/a-letranger\/inauguration-de-wonderlab-a-pekin-musee-national-de-chine\/\">Inauguration de WonderLab \u00e0 P\u00e9kin, Mus\u00e9e National de Chine<\/a><\/h4><div class=\"o-posts-grid-post-description\"><p>L&rsquo;exposition Wonder Lab a \u00e9t\u00e9 inaugur\u00e9e \u00e0 P\u00e9kin ce 11 janvier 2019 par notamment Monsieur l&amp;rs\u2026<\/p><\/div><\/div><\/div><\/div><\/div> <div class=\"o-posts-grid-pag\"><span aria-current=\"page\" class=\"page-numbers current\">1<\/span>\n<a class=\"page-numbers\" href=\"https:\/\/www.daraspe.com\/neo\/wp-json\/wp\/v2\/pages\/160\/?paged=2\">2<\/a>\n<a class=\"page-numbers\" href=\"https:\/\/www.daraspe.com\/neo\/wp-json\/wp\/v2\/pages\/160\/?paged=3\">3<\/a>\n<span class=\"page-numbers dots\">\u2026<\/span>\n<a class=\"page-numbers\" href=\"https:\/\/www.daraspe.com\/neo\/wp-json\/wp\/v2\/pages\/160\/?paged=6\">6<\/a>\n<a class=\"next page-numbers\" href=\"https:\/\/www.daraspe.com\/neo\/wp-json\/wp\/v2\/pages\/160\/?paged=2\">Next<\/a><\/div><\/div>","protected":false},"excerpt":{"rendered":"","protected":false},"author":1,"featured_media":0,"parent":0,"menu_order":0,"comment_status":"closed","ping_status":"closed","template":"","meta":{"_acf_changed":false,"neve_meta_sidebar":"","neve_meta_container":"","neve_meta_enable_content_width":"","neve_meta_content_width":0,"neve_meta_title_alignment":"","neve_meta_author_avatar":"","neve_post_elements_order":"","neve_meta_disable_header":"","neve_meta_disable_footer":"","neve_meta_disable_title":"","_themeisle_gutenberg_block_has_review":false,"footnotes":""},"class_list":["post-160","page","type-page","status-publish","hentry"],"acf":[],"_links":{"self":[{"href":"https:\/\/www.daraspe.com\/neo\/wp-json\/wp\/v2\/pages\/160","targetHints":{"allow":["GET"]}}],"collection":[{"href":"https:\/\/www.daraspe.com\/neo\/wp-json\/wp\/v2\/pages"}],"about":[{"href":"https:\/\/www.daraspe.com\/neo\/wp-json\/wp\/v2\/types\/page"}],"author":[{"embeddable":true,"href":"https:\/\/www.daraspe.com\/neo\/wp-json\/wp\/v2\/users\/1"}],"replies":[{"embeddable":true,"href":"https:\/\/www.daraspe.com\/neo\/wp-json\/wp\/v2\/comments?post=160"}],"version-history":[{"count":30,"href":"https:\/\/www.daraspe.com\/neo\/wp-json\/wp\/v2\/pages\/160\/revisions"}],"predecessor-version":[{"id":1796,"href":"https:\/\/www.daraspe.com\/neo\/wp-json\/wp\/v2\/pages\/160\/revisions\/1796"}],"wp:attachment":[{"href":"https:\/\/www.daraspe.com\/neo\/wp-json\/wp\/v2\/media?parent=160"}],"curies":[{"name":"wp","href":"https:\/\/api.w.org\/{rel}","templated":true}]}}